{"id":256,"date":"2021-10-25T00:00:28","date_gmt":"2021-10-24T22:00:28","guid":{"rendered":"https:\/\/aktuar.cc\/bv\/?page_id=256"},"modified":"2021-10-26T08:50:06","modified_gmt":"2021-10-26T06:50:06","slug":"betriebliche-altersvorsorge","status":"publish","type":"page","link":"https:\/\/aktuar-group.at\/bv\/betriebliche-altersvorsorge\/","title":{"rendered":"Betriebliche Altersvorsorge"},"content":{"rendered":"<p>[et_pb_section fb_built=&#8220;1&#8243; _builder_version=&#8220;4.11.4&#8243; _module_preset=&#8220;default&#8220; background_image=&#8220;https:\/\/aktuar-group.at\/bv\/wp-content\/uploads\/sites\/4\/2021\/09\/Rente_Mann_mit_Stock.jpg&#8220; parallax=&#8220;on&#8220; parallax_method=&#8220;off&#8220; height=&#8220;100vh&#8220; custom_margin=&#8220;0px|0px|0px|0px|true|true&#8220; custom_padding=&#8220;0px|0px|0px|0px|true|true&#8220; hover_enabled=&#8220;0&#8243; global_colors_info=&#8220;{}&#8220; alt=&#8220;Rente Mann Mit Stock&#8220; title_text=&#8220;Rente Mann Mit Stock&#8220; sticky_enabled=&#8220;0&#8243;][et_pb_row column_structure=&#8220;1_4,3_4&#8243; make_equal=&#8220;on&#8220; _builder_version=&#8220;4.11.4&#8243; _module_preset=&#8220;default&#8220; background_color=&#8220;#5A9141&#8243; background_color_gradient_direction=&#8220;135deg&#8220; positioning=&#8220;absolute&#8220; position_origin_a=&#8220;center_center&#8220; width=&#8220;100%&#8220; width_tablet=&#8220;100vw&#8220; width_phone=&#8220;100vw&#8220; width_last_edited=&#8220;on|tablet&#8220; max_width=&#8220;100vw&#8220; custom_margin=&#8220;0px|0px|0px|0px|true|true&#8220; custom_padding=&#8220;|24px||24px|true|true&#8220; animation_style=&#8220;fade&#8220; animation_duration=&#8220;1500ms&#8220; hover_enabled=&#8220;0&#8243; global_colors_info=&#8220;{}&#8220; sticky_enabled=&#8220;0&#8243;][et_pb_column type=&#8220;1_4&#8243; _builder_version=&#8220;4.10.3&#8243; _module_preset=&#8220;default&#8220; global_colors_info=&#8220;{}&#8220;][et_pb_image src=&#8220;https:\/\/aktuar-group.at\/bv\/wp-content\/uploads\/sites\/4\/2021\/08\/AKTUAR_Logo_Favicon_Weiss.svg&#8220; alt=&#8220;AKTUAR_Logo_Favicon_Wei\u00df&#8220; title_text=&#8220;AKTUAR_Logo_Favicon_Wei\u00df&#8220; _builder_version=&#8220;4.10.6&#8243; _module_preset=&#8220;default&#8220; positioning=&#8220;absolute&#8220; position_origin_a=&#8220;center_center&#8220; position_origin_a_tablet=&#8220;&#8220; position_origin_a_phone=&#8220;&#8220; position_origin_a_last_edited=&#8220;on|desktop&#8220; position_origin_f_tablet=&#8220;&#8220; position_origin_f_phone=&#8220;&#8220; position_origin_f_last_edited=&#8220;on|desktop&#8220; position_origin_r_tablet=&#8220;&#8220; position_origin_r_phone=&#8220;&#8220; position_origin_r_last_edited=&#8220;on|desktop&#8220; width=&#8220;50%&#8220; max_width_tablet=&#8220;150px&#8220; max_width_phone=&#8220;100px&#8220; max_width_last_edited=&#8220;on|phone&#8220; custom_margin_tablet=&#8220;&#8220; custom_margin_phone=&#8220;0px||0px||false|false&#8220; custom_margin_last_edited=&#8220;on|phone&#8220; custom_padding=&#8220;0px||0px||true|false&#8220; positioning_tablet=&#8220;none&#8220; positioning_phone=&#8220;&#8220; positioning_last_edited=&#8220;on|phone&#8220; global_colors_info=&#8220;{}&#8220;][\/et_pb_image][\/et_pb_column][et_pb_column type=&#8220;3_4&#8243; _builder_version=&#8220;4.10.3&#8243; _module_preset=&#8220;default&#8220; global_colors_info=&#8220;{}&#8220;][et_pb_text content_tablet=&#8220;<\/p>\n<h1>VERSICHERUNGSMATHEMATISCHE GUTACHTEN<\/h1>\n<p>WIR RECHNEN F\u00dcR SIE, RECHNEN SIE MIT UNS<\/p>\n<p>&#8220; content_phone=&#8220;<\/p>\n<h1>VERSICHERUNGS-MATHEMATISCHE GUTACHTEN<\/h1>\n<p>WIR RECHNEN F\u00dcR SIE,<br \/>\nRECHNEN SIE MIT UNS<\/p>\n<p>&#8220; content_last_edited=&#8220;off|desktop&#8220; module_class=&#8220;span-h1-white&#8220; _builder_version=&#8220;4.11.4&#8243; _module_preset=&#8220;default&#8220; text_font=&#8220;|700|||||||&#8220; text_text_color=&#8220;#FFFFFF&#8220; text_font_size=&#8220;20px&#8220; text_line_height=&#8220;1em&#8220; header_font=&#8220;|700|||||||&#8220; header_text_color=&#8220;#FFFFFF&#8220; header_font_size=&#8220;50px&#8220; header_2_font=&#8220;|700|||||||&#8220; header_2_font_size=&#8220;42px&#8220; header_3_font=&#8220;|700|||||||&#8220; header_3_text_color=&#8220;#009DE0&#8243; positioning=&#8220;relative&#8220; position_origin_a=&#8220;center_left&#8220; width=&#8220;100%&#8220; custom_padding=&#8220;48px||48px||true|false&#8220; custom_padding_tablet=&#8220;&#8220; custom_padding_phone=&#8220;0px||24px||false|false&#8220; custom_padding_last_edited=&#8220;on|tablet&#8220; animation_direction=&#8220;left&#8220; hover_enabled=&#8220;0&#8243; text_font_size_tablet=&#8220;&#8220; text_font_size_phone=&#8220;16px&#8220; text_font_size_last_edited=&#8220;on|phone&#8220; header_font_size_tablet=&#8220;40px&#8220; header_font_size_phone=&#8220;32px&#8220; header_font_size_last_edited=&#8220;on|phone&#8220; header_2_font_size_tablet=&#8220;32px&#8220; header_2_font_size_phone=&#8220;24px&#8220; header_2_font_size_last_edited=&#8220;on|phone&#8220; header_3_font_size_tablet=&#8220;&#8220; header_3_font_size_phone=&#8220;20px&#8220; header_3_font_size_last_edited=&#8220;on|phone&#8220; text_orientation_tablet=&#8220;center&#8220; text_orientation_phone=&#8220;&#8220; text_orientation_last_edited=&#8220;on|phone&#8220; text_text_shadow_style=&#8220;preset1&#8243; header_text_shadow_style=&#8220;preset1&#8243; global_colors_info=&#8220;{}&#8220; sticky_enabled=&#8220;0&#8243;]<\/p>\n<h1>BETRIEBLICHE ALTERSVORSORGE<\/h1>\n<p>JETZT AN DIE ZUKUNFT DENKEN<\/p>\n<p>[\/et_pb_text][\/et_pb_column][\/et_pb_row][\/et_pb_section][et_pb_section fb_built=&#8220;1&#8243; custom_padding_last_edited=&#8220;on|phone&#8220; _builder_version=&#8220;4.10.6&#8243; _module_preset=&#8220;default&#8220; background_color=&#8220;#FFFFFF&#8220; custom_margin=&#8220;0px||0px||true|false&#8220; custom_padding=&#8220;15vh||15vh||true|false&#8220; custom_padding_tablet=&#8220;5vh||5vh||true|false&#8220; custom_padding_phone=&#8220;&#8220; global_colors_info=&#8220;{}&#8220;][et_pb_row _builder_version=&#8220;4.10.6&#8243; _module_preset=&#8220;default&#8220; width=&#8220;90%&#8220; max_width=&#8220;90vw&#8220; custom_margin=&#8220;||5vh||false|false&#8220; custom_margin_tablet=&#8220;||0vh||false|false&#8220; custom_margin_phone=&#8220;||0px||false|false&#8220; custom_margin_last_edited=&#8220;on|tablet&#8220; global_colors_info=&#8220;{}&#8220;][et_pb_column type=&#8220;4_4&#8243; _builder_version=&#8220;4.10.5&#8243; _module_preset=&#8220;default&#8220; global_colors_info=&#8220;{}&#8220;][et_pb_text content_phone=&#8220;<\/p>\n<h2>VERSICHERUNGS-MATHEMATISCHE<br \/>\n<span>GUTACHTEN<\/span><\/h2>\n<p>&#8220; content_last_edited=&#8220;off|desktop&#8220; module_class=&#8220;span-font-brand&#8220; _builder_version=&#8220;4.11.4&#8243; _module_preset=&#8220;default&#8220; header_2_font=&#8220;|700|||||||&#8220; custom_padding=&#8220;||||false|false&#8220; animation_style=&#8220;zoom&#8220; animation_direction=&#8220;left&#8220; hover_enabled=&#8220;0&#8243; global_colors_info=&#8220;{}&#8220; sticky_enabled=&#8220;0&#8243;]<\/p>\n<h2>BETRIEBLICHE<br \/>\n<span>ALTERSVORSORGE<\/span><\/h2>\n<p>[\/et_pb_text][\/et_pb_column][\/et_pb_row][et_pb_row custom_padding_last_edited=&#8220;on|phone&#8220; _builder_version=&#8220;4.10.6&#8243; _module_preset=&#8220;default&#8220; width_tablet=&#8220;&#8220; width_phone=&#8220;100%&#8220; width_last_edited=&#8220;on|phone&#8220; custom_padding_tablet=&#8220;&#8220; custom_padding_phone=&#8220;||||false|false&#8220; animation_style=&#8220;fade&#8220; animation_duration=&#8220;1500ms&#8220; global_colors_info=&#8220;{}&#8220;][et_pb_column type=&#8220;4_4&#8243; _builder_version=&#8220;4.10.5&#8243; _module_preset=&#8220;default&#8220; global_colors_info=&#8220;{}&#8220;][et_pb_text ul_type=&#8220;square&#8220; content_last_edited=&#8220;off|desktop&#8220; module_class=&#8220;textbox&#8220; _builder_version=&#8220;4.11.4&#8243; _module_preset=&#8220;default&#8220; text_font=&#8220;|300|||||||&#8220; text_line_height=&#8220;1.4em&#8220; ul_font=&#8220;|300|||||||&#8220; ul_line_height=&#8220;1.2em&#8220; header_2_text_color=&#8220;#242424&#8243; header_3_font=&#8220;|700|||||||&#8220; width=&#8220;100%&#8220; module_alignment=&#8220;center&#8220; custom_padding=&#8220;||||false|false&#8220; custom_padding_tablet=&#8220;|48px|48px|48px|false|true&#8220; custom_padding_phone=&#8220;|24px|24px|24px|false|true&#8220; custom_padding_last_edited=&#8220;on|phone&#8220; hover_enabled=&#8220;0&#8243; global_colors_info=&#8220;{}&#8220; sticky_enabled=&#8220;0&#8243;]<\/p>\n<p>Wir beraten und unterst\u00fctzen Sie bei der Einrichtung, Neugestaltung oder Harmonisierung Ihrer betrieblichen Vorsorgepl\u00e4ne und erstellen entsprechend Ihren Bed\u00fcrfnissen ma\u00dfgeschneiderte Konzepte. Gerne verhelfen wir Ihnen zu <strong>Risikominimierung<\/strong> unter Aufrechterhaltung der Leistungen. Auf Grundlage unserer Hochrechnung der Verpflichtungen in verschiedenen Szenarien erhalten Sie eine <strong>Planungskontrolle und \u2013sicherheit<\/strong>. Zudem weisen wir auf Risikopotentiale in der Leistungszusage und der Risikodeckung (z.B. R\u00fcckdeckungsversicherung) hin. Die Einhaltung der relevanten gesetzlichen Grundlagen (Betriebspensionsgesetz, Pensionskassengesetz, Einkommensteuergesetz, Einkommensteuerrichtlinien, etc.) werden von uns selbstverst\u00e4ndlich gepr\u00fcft.<\/p>\n<p>Gerne stellen wir Ihnen <strong>flexible betriebliche Leistungsmodelle<\/strong> vor bzw. adaptieren bestehende Versorgungspl\u00e4ne. Der Vorteil dabei ist, dass Ihre Mitarbeiter aus mehreren Optionen entsprechend ihren individuellen Bed\u00fcrfnissen ausw\u00e4hlen k\u00f6nnen.<\/p>\n<p>Die <strong>anschauliche und objektive Kommunikation Ihrer Versorgungspl\u00e4ne<\/strong> gew\u00e4hrleisten wir durch die Erstellung geeigneter Brosch\u00fcren f\u00fcr Ihre Mitarbeiter und die Verantwortlichen Ihres Unternehmens. Bei Bedarf f\u00fchren wir auch Mitarbeiterveranstaltungen vor Ort durch. Zudem helfen wir Ihnen die Versorgungspl\u00e4ne attraktiver zu gestalten, um die Wertsch\u00e4tzung durch Ihre Mitarbeiter zu garantieren.<\/p>\n<p>Die <strong>laufende Administration Ihrer Versorgungspl\u00e4ne<\/strong> f\u00fchren wir mit unserem Team zuverl\u00e4ssig f\u00fcr ausgew\u00e4hlte Prozesse durch. Dies sind v.a. die Erstellung von individuellen j\u00e4hrlichen Leistungsausweisen und Leistungspr\u00fcfungen nach Grund und H\u00f6he bei Leistungsanfall sowie die Ermittlung von Unverfallbarkeitsbetr\u00e4gen bei vorzeitigem Ausscheiden, der Austausch von Informationen mit Versicherungen und Pensionskassen, Verwaltung von Rentnerbest\u00e4nden, Kommunikation mit den Anwartschafts- und Leistungsberechtigten.<\/p>\n<p>F\u00fcr Ihre <strong>Mitarbeiterentsendungen<\/strong> stehen Ihnen unsere Partner von Abelica Global gerne zur Verf\u00fcgung, um die steuer- und arbeitsrechtlichen Bedingungen zur betrieblichen Altersvorsorgung des jeweiligen Landes darzustellen.<\/p>\n<p>Ihre Beitr\u00e4ge f\u00fcr die Abfertigungsanspr\u00fcche Ihrer Mitarbeiter, die in der <strong>Betrieblichen Vorsorgekasse<\/strong> ausgelagert sind, erzielen oft nur geringe Renditen. Wir bieten Ihnen in unserer j\u00e4hrlichen Fakten\u00fcbersicht neben allgemeinen Informationen und einer Beschreibung der Dienstleistungen die aktuellen Kostens\u00e4tze sowie die Veranlagungsperformance der letzten Jahre zu s\u00e4mtlichen Vorsorgekassen. In einem Gespr\u00e4ch er\u00f6rtern wir Ihnen gerne unsere Fakten\u00fcbersicht im Detail und informieren Sie bei Bedarf \u00fcber die gesetzlichen Rahmenbedingungen f\u00fcr einen Wechsel der Vorsorgekasse.<\/p>\n<p>[\/et_pb_text][\/et_pb_column][\/et_pb_row][\/et_pb_section][et_pb_section fb_built=&#8220;1&#8243; custom_padding_last_edited=&#8220;on|phone&#8220; _builder_version=&#8220;4.10.6&#8243; _module_preset=&#8220;default&#8220; background_color=&#8220;#F5F5F5&#8243; custom_margin=&#8220;0px||0px||true|false&#8220; custom_padding=&#8220;15vh||15vh||true|false&#8220; custom_padding_tablet=&#8220;5vh||5vh||true|false&#8220; custom_padding_phone=&#8220;&#8220; global_colors_info=&#8220;{}&#8220;][et_pb_row _builder_version=&#8220;4.10.6&#8243; _module_preset=&#8220;default&#8220; width=&#8220;90%&#8220; max_width=&#8220;90vw&#8220; custom_margin=&#8220;||5vh||false|false&#8220; custom_margin_tablet=&#8220;||0px||false|false&#8220; custom_margin_phone=&#8220;&#8220; custom_margin_last_edited=&#8220;on|tablet&#8220; global_colors_info=&#8220;{}&#8220;][et_pb_column type=&#8220;4_4&#8243; _builder_version=&#8220;4.10.5&#8243; _module_preset=&#8220;default&#8220; global_colors_info=&#8220;{}&#8220;][et_pb_text module_class=&#8220;span-font-brand&#8220; _builder_version=&#8220;4.11.4&#8243; _module_preset=&#8220;default&#8220; header_2_font=&#8220;|700|||||||&#8220; custom_padding=&#8220;||||false|false&#8220; animation_style=&#8220;zoom&#8220; animation_direction=&#8220;left&#8220; hover_enabled=&#8220;0&#8243; global_colors_info=&#8220;{}&#8220; sticky_enabled=&#8220;0&#8243;]<\/p>\n<h2>VORSORGEMODELLE<br \/>\n<span>DAS PERS\u00d6NLICHE GESPR\u00c4CH STEHT F\u00dcR UNS AN ERSTER STELLE<br \/>\n<\/span><\/h2>\n<p>[\/et_pb_text][\/et_pb_column][\/et_pb_row][et_pb_row custom_padding_last_edited=&#8220;on|phone&#8220; _builder_version=&#8220;4.10.6&#8243; _module_preset=&#8220;default&#8220; width_tablet=&#8220;&#8220; width_phone=&#8220;100%&#8220; width_last_edited=&#8220;on|phone&#8220; custom_padding_tablet=&#8220;&#8220; custom_padding_phone=&#8220;||||false|false&#8220; animation_style=&#8220;fade&#8220; animation_duration=&#8220;1500ms&#8220; global_colors_info=&#8220;{}&#8220;][et_pb_column type=&#8220;4_4&#8243; _builder_version=&#8220;4.10.5&#8243; _module_preset=&#8220;default&#8220; global_colors_info=&#8220;{}&#8220;][et_pb_text ul_type=&#8220;square&#8220; content_last_edited=&#8220;off|desktop&#8220; module_class=&#8220;textbox&#8220; _builder_version=&#8220;4.11.4&#8243; _module_preset=&#8220;default&#8220; text_font=&#8220;|300|||||||&#8220; text_line_height=&#8220;1.4em&#8220; ul_font=&#8220;|300|||||||&#8220; ul_line_height=&#8220;1.2em&#8220; header_2_text_color=&#8220;#242424&#8243; header_3_font=&#8220;|700|||||||&#8220; width=&#8220;100%&#8220; module_alignment=&#8220;center&#8220; custom_padding=&#8220;||||false|false&#8220; custom_padding_tablet=&#8220;|48px|48px|48px|false|true&#8220; custom_padding_phone=&#8220;|24px|24px|24px|false|true&#8220; custom_padding_last_edited=&#8220;on|phone&#8220; hover_enabled=&#8220;0&#8243; global_colors_info=&#8220;{}&#8220; sticky_enabled=&#8220;0&#8243;]<\/p>\n<p>Je nach Gesellschaftsform, Ihrer Finanzplanung und Liquidit\u00e4t sowie der von der Versorgung umfassten Mitarbeiter er\u00f6rtern wir Ihnen in einem pers\u00f6nlichen Gespr\u00e4ch die optimalen Modelle.<\/p>\n<p>[\/et_pb_text][\/et_pb_column][\/et_pb_row][et_pb_row column_structure=&#8220;1_2,1_2&#8243; _builder_version=&#8220;4.10.6&#8243; _module_preset=&#8220;default&#8220; width=&#8220;95%&#8220; max_width=&#8220;1280px&#8220; custom_padding=&#8220;|||1px||&#8220; animation_style=&#8220;fade&#8220; animation_duration=&#8220;1500ms&#8220; global_colors_info=&#8220;{}&#8220;][et_pb_column type=&#8220;1_2&#8243; _builder_version=&#8220;4.10.5&#8243; _module_preset=&#8220;default&#8220; global_colors_info=&#8220;{}&#8220;][dsm_card use_content_icon=&#8220;on&#8220; font_icon=&#8220;%%277%%&#8220; button_url_new_window=&#8220;1&#8243; _builder_version=&#8220;4.11.4&#8243; _module_preset=&#8220;default&#8220; hover_enabled=&#8220;0&#8243; global_colors_info=&#8220;{}&#8220; sticky_enabled=&#8220;0&#8243; icon_color=&#8220;#5A9141&#8243; title=&#8220;Pensionszusage (direkte Leistungszusage)&#8220; header_text_color=&#8220;#5A9141&#8243;]<\/p>\n<p>Leistungsversprechen des Unternehmens, das leistungsorientiert oder beitragsorientiert erfolgen kann. Dient v.a. zur Bindung von leitenden Mitarbeitern. Auch f\u00fcr Gesellschafter-Gesch\u00e4ftsf\u00fchrer als Vorsorgemodell geeignet. Bei Personengesellschaften und Einzelunternehmen ist eine Pensionszusage nur f\u00fcr Arbeitnehmer m\u00f6glich.<\/p>\n<p>Die Bildung von R\u00fcckstellungen stellt einen steuermindernden Aufwand dar. Es werden keine Lohnnebenkosten f\u00e4llig. Beim Mitarbeiter werden w\u00e4hrend der Aktivzeit keine Lohnsteuer und Sozialversicherungsbeitr\u00e4ge f\u00e4llig. In der Leistungsphase ist die Rentenzahlung gemeinsam mit einer gesetzlichen Pension zu versteuern.<\/p>\n<p>[\/dsm_card][dsm_card use_content_icon=&#8220;on&#8220; font_icon=&#8220;%%277%%&#8220; button_url_new_window=&#8220;1&#8243; _builder_version=&#8220;4.11.4&#8243; _module_preset=&#8220;default&#8220; hover_enabled=&#8220;0&#8243; global_colors_info=&#8220;{}&#8220; sticky_enabled=&#8220;0&#8243; icon_color=&#8220;#5A9141&#8243; title=&#8220;Zukunftssicherung nach \u00a73\/1\/15a EStG&#8220; header_text_color=&#8220;#5A9141&#8243;]<\/p>\n<p>Das Unternehmen zahlt j\u00e4hrlich Pr\u00e4mien von \u20ac 300 in eine Lebens-, Unfall- oder Krankenversicherung f\u00fcr den Mitarbeiter ein. Die Zuwendungen des Arbeitgebers sind f\u00fcr alle oder nach objektiven Gruppenkriterien definierte Arbeitnehmer zu gew\u00e4hren. Hierbei ist der arbeitsrechtliche Gleichbehandlungsgrundsatz gem\u00e4\u00df \u00a7 18 BPG zu beachten.<\/p>\n<p>Die Pr\u00e4mien sind Betriebsausgaben und von Lohnsteuer und Sozialversicherungsbeitr\u00e4gen befreit. Die Kapitalleistung ist f\u00fcr den Mitarbeiter steuerfrei.<\/p>\n<p>[\/dsm_card][dsm_card use_content_icon=&#8220;on&#8220; font_icon=&#8220;%%277%%&#8220; button_url_new_window=&#8220;1&#8243; _builder_version=&#8220;4.11.4&#8243; _module_preset=&#8220;default&#8220; hover_enabled=&#8220;0&#8243; global_colors_info=&#8220;{}&#8220; sticky_enabled=&#8220;0&#8243; icon_color=&#8220;#5A9141&#8243; title=&#8220;Betriebliche Kollektivversicherung&#8220; header_text_color=&#8220;#5A9141&#8243;]<\/p>\n<p>Vom Unternehmen geleistete Beitr\u00e4ge bis zu 10% der Lohn- und Gehaltssumme (beitragsorientiert) oder Beitr\u00e4ge f\u00fcr Pensionen von bis zu 80% des Aktivbezuges (leistungsorientiert) sind steuerlich absetzbar. Vom Mitarbeiter geleistete Beitr\u00e4ge k\u00f6nnen gem\u00e4\u00df \u00a7 18 EStG als &#8222;Topf-Sonderausgaben&#8220; geltend gemacht werden. (Anmerkung: Gilt nur, wenn bereits vor dem 01.01.2016 Eigenbeitr\u00e4ge geleistet wurden. Die M\u00f6glichkeit der Geltendmachung als Sonderausgabe endet im Jahr 2020.) Bis zu einem H\u00f6chstbeitrag des Mitarbeiters von \u20ac 1.000\/Jahr erh\u00e4lt man auf Antrag eine staatliche Pr\u00e4mie gem\u00e4\u00df \u00a7 108a EStG. Von den Pensionen aus nicht-pr\u00e4miengef\u00f6rderten Eigenbeitr\u00e4gen werden nur 25% &#8211; gemeinsam mit den sonstigen Pensionsbez\u00fcgen &#8211; besteuert. Die Pensionen aus pr\u00e4miengef\u00f6rderten Eigenbeitr\u00e4gen sind zur G\u00e4nze steuerfrei.<\/p>\n<p>Der bei Vertragsabschluss vereinbarte Garantiezins gilt bis zum Vertragsablauf. Die bei Vertragsabschluss g\u00fcltige Rententafel wird bis zum Lebensende garantiert.<\/p>\n<p>[\/dsm_card][\/et_pb_column][et_pb_column type=&#8220;1_2&#8243; _builder_version=&#8220;4.10.5&#8243; _module_preset=&#8220;default&#8220; global_colors_info=&#8220;{}&#8220;][dsm_card use_content_icon=&#8220;on&#8220; font_icon=&#8220;%%277%%&#8220; button_url_new_window=&#8220;1&#8243; _builder_version=&#8220;4.11.4&#8243; _module_preset=&#8220;default&#8220; global_colors_info=&#8220;{}&#8220; icon_color=&#8220;#5A9141&#8243; header_text_color=&#8220;#5A9141&#8243; title=&#8220;Pensionsr\u00fcckdeckungs-versicherung&#8220; hover_enabled=&#8220;0&#8243; sticky_enabled=&#8220;0&#8243; title_last_edited=&#8220;off|desktop&#8220; title_phone=&#8220;Pensionsr\u00fcckdeckungs-versicherung&#8220;]<\/p>\n<p>Dient zur Absicherung der Risiken (Berufsunf\u00e4higkeit, Tod, Langlebigkeit) aus der Pensionszusage und zur Finanzierung der Pensionsleistungen.<\/p>\n<p>Die Versicherungspr\u00e4mien stellen einen Betriebsaufwand dar und sind von Lohnnebenkosten und Sozialversicherungsbeitr\u00e4gen befreit. Das Unternehmen hat Pensionsr\u00fcckstellungen zu bilden; die R\u00fcckdeckungsversicherung verbessert das Bilanzbild.<\/p>\n<p>Die Mindestbesicherung der Pensionsverpflichtungen gem\u00e4\u00df \u00a7 14 EStG kann durch in Abs. 7 Z 4 definierte Wertpapiere oder durch eine klassische Lebensversicherung i.S.d. \u00a7 300 Abs. 1 Z 1 VAG 2016 bzw. eine kapitalanlageorientierte Lebensversicherung i.S.d. \u00a7 300 Abs. 1 Z 5 VAG 2016 erfolgen.<\/p>\n<p>[\/dsm_card][dsm_card use_content_icon=&#8220;on&#8220; font_icon=&#8220;%%277%%&#8220; button_url_new_window=&#8220;1&#8243; _builder_version=&#8220;4.11.4&#8243; _module_preset=&#8220;default&#8220; global_colors_info=&#8220;{}&#8220; icon_color=&#8220;#5A9141&#8243; header_text_color=&#8220;#5A9141&#8243; title=&#8220;Pensionskasse&#8220; hover_enabled=&#8220;0&#8243; sticky_enabled=&#8220;0&#8243; title_last_edited=&#8220;off|desktop&#8220; title_phone=&#8220;Pensionsr\u00fcckdeckungs-versicherung&#8220;]<\/p>\n<p>Im Unterschied zur Betrieblichen Kollektivversicherung gibt es keine Garantieverzinsung, jedoch kann optional eine Garantiepension gew\u00e4hlt werden.<\/p>\n<p>Bei Ver\u00f6ffentlichung neuer Rententafeln werden diese Vertragsgrundlage und ersetzen die alten Rententafeln.<\/p>\n<p>F\u00fcr die Befreiung von Lohnsteuer und Sozialversicherungsbeitr\u00e4gen gelten die selben Grenzen wie bei der Betrieblichen Kollektivversicherung.<\/p>\n<p>[\/dsm_card][\/et_pb_column][\/et_pb_row][\/et_pb_section][et_pb_section fb_built=&#8220;1&#8243; _builder_version=&#8220;4.10.5&#8243; _module_preset=&#8220;default&#8220; background_color=&#8220;#FFFFFF&#8220; custom_margin=&#8220;0px||0px||true|false&#8220; custom_padding=&#8220;15vh||15vh||true|false&#8220; global_colors_info=&#8220;{}&#8220;][et_pb_row _builder_version=&#8220;4.10.5&#8243; _module_preset=&#8220;default&#8220; width=&#8220;90%&#8220; max_width=&#8220;90vw&#8220; custom_margin=&#8220;||5vh||false|false&#8220; global_colors_info=&#8220;{}&#8220;][et_pb_column type=&#8220;4_4&#8243; _builder_version=&#8220;4.10.5&#8243; _module_preset=&#8220;default&#8220; global_colors_info=&#8220;{}&#8220;][et_pb_text module_class=&#8220;span-font-brand&#8220; _builder_version=&#8220;4.10.5&#8243; _module_preset=&#8220;default&#8220; header_2_font=&#8220;|700|||||||&#8220; custom_padding=&#8220;||||false|false&#8220; animation_style=&#8220;zoom&#8220; animation_direction=&#8220;left&#8220; global_colors_info=&#8220;{}&#8220;]<\/p>\n<h2>INDIVIDUELLE L\u00d6SUNGEN<br \/>\n<span>SIND UNSERE ST\u00c4RKE<\/span><\/h2>\n<p>[\/et_pb_text][\/et_pb_column][\/et_pb_row][et_pb_row column_structure=&#8220;1_2,1_2&#8243; _builder_version=&#8220;4.10.5&#8243; _module_preset=&#8220;default&#8220; width=&#8220;90%&#8220; max_width=&#8220;1280px&#8220; custom_padding=&#8220;|||1px||&#8220; animation_style=&#8220;fade&#8220; animation_duration=&#8220;1500ms&#8220; global_colors_info=&#8220;{}&#8220;][et_pb_column type=&#8220;1_2&#8243; _builder_version=&#8220;4.10.5&#8243; _module_preset=&#8220;default&#8220; global_colors_info=&#8220;{}&#8220;][dsm_card use_content_icon=&#8220;on&#8220; font_icon=&#8220;%%277%%&#8220; button_url_new_window=&#8220;1&#8243; _builder_version=&#8220;4.11.4&#8243; _module_preset=&#8220;default&#8220; hover_enabled=&#8220;0&#8243; global_colors_info=&#8220;{}&#8220; sticky_enabled=&#8220;0&#8243; icon_color=&#8220;#5A9141&#8243; header_text_color=&#8220;#5A9141&#8243;]<\/p>\n<p>In den meisten F\u00e4llen k\u00f6nnen wir die an uns \u00fcbermittelten Personaldaten unabh\u00e4ngig von der Datenstruktur einfach weiterverarbeiten, so dass f\u00fcr Sie kein zus\u00e4tzlicher Bearbeitungsaufwand entsteht.\n<\/p>\n<p>[\/dsm_card][dsm_card use_content_icon=&#8220;on&#8220; font_icon=&#8220;%%277%%&#8220; button_url_new_window=&#8220;1&#8243; _builder_version=&#8220;4.11.4&#8243; _module_preset=&#8220;default&#8220; hover_enabled=&#8220;0&#8243; global_colors_info=&#8220;{}&#8220; sticky_enabled=&#8220;0&#8243; icon_color=&#8220;#5A9141&#8243; header_text_color=&#8220;#5A9141&#8243;]<\/p>\n<p>Aufgrund des von uns selbst programmierten und kontinuierlich weiterentwickelten Berechnungssoftware k\u00f6nnen wir auch komplexe Regelungen ber\u00fccksichtigen sowie die Struktur der Ergebnisdateien den Bed\u00fcrfnissen unserer Klienten anpassen.\n<\/p>\n<p>[\/dsm_card][dsm_card use_content_icon=&#8220;on&#8220; font_icon=&#8220;%%277%%&#8220; button_url_new_window=&#8220;1&#8243; _builder_version=&#8220;4.11.4&#8243; _module_preset=&#8220;default&#8220; hover_enabled=&#8220;0&#8243; global_colors_info=&#8220;{}&#8220; sticky_enabled=&#8220;0&#8243; icon_color=&#8220;#5A9141&#8243; header_text_color=&#8220;#5A9141&#8243;]<\/p>\n<p>Bei Bedarf kommunizieren wir auch direkt mit Ihrem Steuerberater oder Wirtschaftspr\u00fcfer.<\/p>\n<p>[\/dsm_card][\/et_pb_column][et_pb_column type=&#8220;1_2&#8243; _builder_version=&#8220;4.10.5&#8243; _module_preset=&#8220;default&#8220; global_colors_info=&#8220;{}&#8220;][et_pb_image src=&#8220;https:\/\/aktuar-group.at\/bv\/wp-content\/uploads\/sites\/4\/2021\/10\/Renteninformation.jpg&#8220; alt=&#8220;Renteninformation&#8220; title_text=&#8220;Renteninformation&#8220; _builder_version=&#8220;4.11.4&#8243; _module_preset=&#8220;default&#8220; hover_enabled=&#8220;0&#8243; global_colors_info=&#8220;{}&#8220; sticky_enabled=&#8220;0&#8243;][\/et_pb_image][\/et_pb_column][\/et_pb_row][\/et_pb_section]<\/p>\n","protected":false},"excerpt":{"rendered":"<p>BETRIEBLICHE ALTERSVORSORGE JETZT AN DIE ZUKUNFT DENKENBETRIEBLICHE ALTERSVORSORGEWir beraten und unterst\u00fctzen Sie bei der Einrichtung, Neugestaltung oder Harmonisierung Ihrer betrieblichen Vorsorgepl\u00e4ne und erstellen entsprechend Ihren Bed\u00fcrfnissen ma\u00dfgeschneiderte Konzepte. Gerne verhelfen wir Ihnen zu Risikominimierung unter Aufrechterhaltung der Leistungen. Auf Grundlage unserer Hochrechnung der Verpflichtungen in verschiedenen Szenarien erhalten Sie eine Planungskontrolle und \u2013sicherheit. Zudem weisen wir auf Risikopotentiale in der Leistungszusage und der Risikodeckung (z.B. R\u00fcckdeckungsversicherung) hin. Die Einhaltung der relevanten gesetzlichen Grundlagen (Betriebspensionsgesetz, Pensionskassengesetz, Einkommensteuergesetz, Einkommensteuerrichtlinien, etc.) werden von uns selbstverst\u00e4ndlich gepr\u00fcft. Gerne stellen wir Ihnen flexible betriebliche Leistungsmodelle vor bzw. adaptieren bestehende Versorgungspl\u00e4ne. Der Vorteil dabei ist, dass Ihre Mitarbeiter aus mehreren Optionen entsprechend ihren individuellen Bed\u00fcrfnissen ausw\u00e4hlen k\u00f6nnen. Die anschauliche und objektive Kommunikation Ihrer Versorgungspl\u00e4ne gew\u00e4hrleisten wir durch die Erstellung geeigneter Brosch\u00fcren f\u00fcr Ihre Mitarbeiter und die Verantwortlichen Ihres Unternehmens. Bei Bedarf f\u00fchren wir auch Mitarbeiterveranstaltungen vor Ort durch. Zudem helfen wir Ihnen die Versorgungspl\u00e4ne attraktiver zu gestalten, um die Wertsch\u00e4tzung durch Ihre Mitarbeiter zu garantieren. Die laufende Administration Ihrer Versorgungspl\u00e4ne f\u00fchren wir mit unserem Team zuverl\u00e4ssig f\u00fcr ausgew\u00e4hlte Prozesse durch. Dies sind v.a. die Erstellung von individuellen j\u00e4hrlichen Leistungsausweisen und Leistungspr\u00fcfungen nach Grund und H\u00f6he bei Leistungsanfall sowie die Ermittlung von Unverfallbarkeitsbetr\u00e4gen bei vorzeitigem Ausscheiden, der [&hellip;]<\/p>\n","protected":false},"author":1,"featured_media":0,"parent":0,"menu_order":0,"comment_status":"closed","ping_status":"closed","template":"","meta":{"_et_pb_use_builder":"on","_et_pb_old_content":"","_et_gb_content_width":"","footnotes":""},"class_list":["post-256","page","type-page","status-publish","hentry"],"_links":{"self":[{"href":"https:\/\/aktuar-group.at\/bv\/wp-json\/wp\/v2\/pages\/256","targetHints":{"allow":["GET"]}}],"collection":[{"href":"https:\/\/aktuar-group.at\/bv\/wp-json\/wp\/v2\/pages"}],"about":[{"href":"https:\/\/aktuar-group.at\/bv\/wp-json\/wp\/v2\/types\/page"}],"author":[{"embeddable":true,"href":"https:\/\/aktuar-group.at\/bv\/wp-json\/wp\/v2\/users\/1"}],"replies":[{"embeddable":true,"href":"https:\/\/aktuar-group.at\/bv\/wp-json\/wp\/v2\/comments?post=256"}],"version-history":[{"count":0,"href":"https:\/\/aktuar-group.at\/bv\/wp-json\/wp\/v2\/pages\/256\/revisions"}],"wp:attachment":[{"href":"https:\/\/aktuar-group.at\/bv\/wp-json\/wp\/v2\/media?parent=256"}],"curies":[{"name":"wp","href":"https:\/\/api.w.org\/{rel}","templated":true}]}}